{"id":46,"date":"2014-08-28T14:40:58","date_gmt":"2014-08-28T12:40:58","guid":{"rendered":"http:\/\/kiebitzgrund-aktiv.de\/?page_id=46"},"modified":"2019-08-12T14:09:24","modified_gmt":"2019-08-12T12:09:24","slug":"in-den-medien","status":"publish","type":"page","link":"https:\/\/kiebitzgrund-aktiv.de\/?page_id=46","title":{"rendered":"In den Medien"},"content":{"rendered":"<p style=\"text-align: justify;\">Mit dem Angebot an nachfolgenden Links, m\u00f6chten wir auf die unterschiedlichsten Themen im Zusammenhang mit Energiewende und geplantem Stromnetzausbau aufmerksam machen. Es handelt sich dabei nur um eine geringe Auswahl an Beitr\u00e4gen aus dem jeweiligen Tagesgeschehen.\u00a0 Zus\u00e4tzlich werden wir nun auch aktuelle Informationen \u00fcber gro\u00dfe Infrastrukturprojekte aufnehmen, die f\u00fcr den Kiebitzgrund\u00a0 k\u00fcnftig relevant sein k\u00f6nnten.<\/p>\n<p>Zurzeit wird diese Seite umgebaut &#8211; also haben Sie ein wenig Geduld.<\/p>\n<hr \/>\n<p>Die Bahn &#8211; Projekt Fulda-Gerstungen<br \/>\n<a href=\"https:\/\/www.fulda-gerstungen.de\/home.html\">Weiterlesen&#8230;<\/a><\/p>\n<hr \/>\n<p><strong>\u00a0<\/strong><\/p>\n<p class=\"title\">\n","protected":false},"excerpt":{"rendered":"<p>Mit dem Angebot an nachfolgenden Links, m\u00f6chten wir auf die unterschiedlichsten Themen im Zusammenhang mit Energiewende und geplantem Stromnetzausbau aufmerksam machen. Es handelt sich dabei nur um eine geringe Auswahl an Beitr\u00e4gen aus dem jeweiligen Tagesgeschehen.\u00a0 Zus\u00e4tzlich werden wir nun auch aktuelle Informationen \u00fcber gro\u00dfe Infrastrukturprojekte aufnehmen, die f\u00fcr den Kiebitzgrund\u00a0 k\u00fcnftig relevant sein k\u00f6nnten. &hellip; <\/p>\n<p class=\"link-more\"><a href=\"https:\/\/kiebitzgrund-aktiv.de\/?page_id=46\" class=\"more-link\"><span class=\"screen-reader-text\">\u201eIn den Medien\u201c<\/span> weiterlesen<\/a><\/p>\n","protected":false},"author":1,"featured_media":0,"parent":0,"menu_order":0,"comment_status":"closed","ping_status":"closed","template":"","meta":{"jetpack_post_was_ever_published":false,"footnotes":""},"jetpack_shortlink":"https:\/\/wp.me\/P4Zmmr-K","jetpack_sharing_enabled":true,"jetpack_likes_enabled":true,"jetpack-related-posts":[],"_links":{"self":[{"href":"https:\/\/kiebitzgrund-aktiv.de\/index.php?rest_route=\/wp\/v2\/pages\/46"}],"collection":[{"href":"https:\/\/kiebitzgrund-aktiv.de\/index.php?rest_route=\/wp\/v2\/pages"}],"about":[{"href":"https:\/\/kiebitzgrund-aktiv.de\/index.php?rest_route=\/wp\/v2\/types\/page"}],"author":[{"embeddable":true,"href":"https:\/\/kiebitzgrund-aktiv.de\/index.php?rest_route=\/wp\/v2\/users\/1"}],"replies":[{"embeddable":true,"href":"https:\/\/kiebitzgrund-aktiv.de\/index.php?rest_route=%2Fwp%2Fv2%2Fcomments&post=46"}],"version-history":[{"count":422,"href":"https:\/\/kiebitzgrund-aktiv.de\/index.php?rest_route=\/wp\/v2\/pages\/46\/revisions"}],"predecessor-version":[{"id":4338,"href":"https:\/\/kiebitzgrund-aktiv.de\/index.php?rest_route=\/wp\/v2\/pages\/46\/revisions\/4338"}],"wp:attachment":[{"href":"https:\/\/kiebitzgrund-aktiv.de\/index.php?rest_route=%2Fwp%2Fv2%2Fmedia&parent=46"}],"curies":[{"name":"wp","href":"https:\/\/api.w.org\/{rel}","templated":true}]}}